{"id":9759,"date":"2024-04-16T17:11:10","date_gmt":"2024-04-16T21:11:10","guid":{"rendered":"https:\/\/www.edf-re.com\/?page_id=9759"},"modified":"2025-05-08T07:34:59","modified_gmt":"2025-05-08T14:34:59","slug":"california-ab-1305-disclosure-statement","status":"publish","type":"page","link":"https:\/\/www.edf-re.com\/fr\/california-ab-1305-disclosure-statement\/","title":{"rendered":"D\u00e9claration de divulgation de la loi californienne AB 1305"},"content":{"rendered":"<p><em>Les informations suivantes sont fournies conform\u00e9ment \u00e0 la loi californienne AB 1305. Les r\u00e9f\u00e9rences \u00e0 \"nous\" ou \"notre\" d\u00e9signent \u00c9lectricit\u00e9 de France S.A. (\"Groupe EDF\") et ses filiales.<\/em><\/p>\n<p><strong>D\u00e9clarations de r\u00e9duction des \u00e9missions de GES li\u00e9es \u00e0 un projet ou \u00e0 un syst\u00e8me<br \/>\n<\/strong>Les d\u00e9clarations de r\u00e9duction des \u00e9missions de GES li\u00e9es au projet ou au syst\u00e8me sont bas\u00e9es sur la production annuelle d'\u00e9lectricit\u00e9 projet\u00e9e ou r\u00e9elle et sur les facteurs d'\u00e9mission de l'enqu\u00eate sur la consommation d'\u00e9nergie r\u00e9sidentielle de l'administration am\u00e9ricaine de l'information sur l'\u00e9nergie et du calculateur d'\u00e9quivalences de gaz \u00e0 effet de serre de l'agence am\u00e9ricaine de protection de l'environnement.<\/p>\n<p><strong>D\u00e9clarations d'\u00e9quivalence de r\u00e9duction des \u00e9missions de GES<br \/>\n<\/strong>Les d\u00e9clarations d'\u00e9quivalence de r\u00e9duction des \u00e9missions de GES (par exemple, les d\u00e9clarations selon lesquelles une r\u00e9duction des \u00e9missions de GES \u00e9quivaut au retrait d'un certain nombre de voitures de la circulation) sont bas\u00e9es sur des calculs obtenus \u00e0 l'aide du Greenhouse Gas Equivalencies Calculator de l'EPA, situ\u00e9 \u00e0 l'adresse suivante <a href=\"https:\/\/www.epa.gov\/energy\/greenhouse-gas-equivalencies-calculator\" target=\"_blank\" rel=\"noopener\">https:\/\/www.epa.gov\/energy\/greenhouse-gas-equivalencies-calculator<\/a>.<\/p>\n<p><strong>All\u00e9gations \"z\u00e9ro carbone\" et autres all\u00e9gations similaires<br \/>\n<\/strong>Les termes \"\u00e9lectricit\u00e9 z\u00e9ro carbone\", \"\u00e9lectricit\u00e9 sans carbone\", \"\u00e9lectricit\u00e9 z\u00e9ro \u00e9mission\" ou des termes similaires font r\u00e9f\u00e9rence \u00e0 la production d'\u00e9lectricit\u00e9 sans \u00e9missions directes de gaz \u00e0 effet de serre. Les termes \"\u00e9lectricit\u00e9 \u00e0 faible teneur en carbone\", \"\u00e9nergie \u00e0 faible teneur en carbone\" ou des termes similaires d\u00e9signent la production d'\u00e9nergie dont l'intensit\u00e9 carbonique est inf\u00e9rieure \u00e0 100 gCO2\/kWh.<\/p>\n<p class=\"no-bottom-margin\"><strong>Objectifs en mati\u00e8re d'\u00e9missions de GES<\/strong><\/p>\n<table class=\"striped-table\">\n<thead>\n<tr>\n<td><strong>Objectif*<\/strong><\/td>\n<td><strong>Comment les progr\u00e8s interm\u00e9diaires sont-ils mesur\u00e9s ?<\/strong><\/td>\n<\/tr>\n<\/thead>\n<tbody>\n<tr>\n<td>Convertir la flotte en v\u00e9hicules \u00e9lectriques d'ici 2030 (EDF power solutions, Inc.)<\/td>\n<td>Le parc de v\u00e9hicules \u00e9lectriques est d\u00e9ploy\u00e9 r\u00e9gion par r\u00e9gion ; le parc devrait \u00eatre enti\u00e8rement \u00e9lectrique en 2028, ce qui laisse le temps de convertir les v\u00e9hicules \u00e0 gaz restants en v\u00e9hicules \u00e9lectriques.<\/td>\n<\/tr>\n<tr>\n<td>R\u00e9duire les \u00e9missions absolues de GES des champs d'application 1 et 2 de 50% d'ici 2030 par rapport \u00e0 l'ann\u00e9e de r\u00e9f\u00e9rence 2017 et r\u00e9duire les \u00e9missions absolues de GES du champ d'application 3 provenant de l'utilisation des produits vendus de 28% d'ici 2030 par rapport \u00e0 l'ann\u00e9e de r\u00e9f\u00e9rence 2019 (Groupe EDF).<\/td>\n<td>Voir l'\u00e9valuation Net Zero de Moody's pour le groupe EDF, accessible ici : <a href=\"https:\/\/www.edf.fr\/sites\/groupe\/files\/2024-02\/edfgroup_moodys_nza-2_20240215_en.pdf\" target=\"_blank\" rel=\"noopener\">\u00c9valuation Net Zero de Moody's_EDF<\/a>.<\/td>\n<\/tr>\n<tr>\n<td>R\u00e9duire les \u00e9missions de GES du champ d'application 1 de 60% d'ici 2025 par rapport \u00e0 l'ann\u00e9e de r\u00e9f\u00e9rence 2017 (Groupe EDF)<\/td>\n<td>Voir l'\u00e9valuation Net Zero de Moody's pour le groupe EDF, accessible ici : <a href=\"https:\/\/www.edf.fr\/sites\/groupe\/files\/2024-02\/edfgroup_moodys_nza-2_20240215_en.pdf\" target=\"_blank\" rel=\"noopener\">\u00c9valuation Net Zero de Moody's_EDF<\/a>.<\/td>\n<\/tr>\n<tr>\n<td>R\u00e9duire les \u00e9missions de GES du champ d'application 1 de 70% d'ici 2030 par rapport \u00e0 l'ann\u00e9e de r\u00e9f\u00e9rence 2017 et atteindre une intensit\u00e9 carbone de 30gCO2\/kWh (Groupe EDF).<\/td>\n<td>Voir l'\u00e9valuation Net Zero de Moody's pour le groupe EDF, accessible ici : <a href=\"https:\/\/www.edf.fr\/sites\/groupe\/files\/2024-02\/edfgroup_moodys_nza-2_20240215_en.pdf\" target=\"_blank\" rel=\"noopener\">\u00c9valuation Net Zero de Moody's_EDF<\/a>.<\/td>\n<\/tr>\n<tr>\n<td>R\u00e9duire les \u00e9missions de GES du champ d'application 1 de 80% d'ici 2035 par rapport \u00e0 l'ann\u00e9e de r\u00e9f\u00e9rence 2017 et atteindre une intensit\u00e9 carbone de 22gCO2\/kWh (Groupe EDF).<\/td>\n<td>Voir l'\u00e9valuation Net Zero de Moody's pour le groupe EDF, accessible ici : <a href=\"https:\/\/www.edf.fr\/sites\/groupe\/files\/2024-02\/edfgroup_moodys_nza-2_20240215_en.pdf\" target=\"_blank\" rel=\"noopener\">\u00c9valuation Net Zero de Moody's_EDF<\/a>.<\/td>\n<\/tr>\n<tr>\n<td>Parvenir \u00e0 des \u00e9missions nettes de gaz \u00e0 effet de serre de z\u00e9ro d'ici \u00e0 2050 (groupe EDF)<\/td>\n<td>Voir l'\u00e9valuation Net Zero de Moody's pour le groupe EDF, accessible ici : <a href=\"https:\/\/www.edf.fr\/sites\/groupe\/files\/2024-02\/edfgroup_moodys_nza-2_20240215_en.pdf\" target=\"_blank\" rel=\"noopener\">\u00c9valuation Net Zero de Moody's_EDF<\/a>.<\/td>\n<\/tr>\n<\/tbody>\n<\/table>\n<p>* Dans chaque cas, (i) l'entit\u00e9 sp\u00e9cifique qui a fix\u00e9 l'objectif est indiqu\u00e9e entre parenth\u00e8ses et (ii) les filiales du groupe EDF sont incluses dans le p\u00e9rim\u00e8tre de l'objectif.<\/p>\n<p><strong>V\u00e9rification par un tiers ind\u00e9pendant<br \/>\n<\/strong>Les donn\u00e9es ou les affirmations n'ont pas \u00e9t\u00e9 v\u00e9rifi\u00e9es par des tiers ind\u00e9pendants.<\/p>\n<p><strong>D\u00e9clarations prospectives<br \/>\n<\/strong>Certaines d\u00e9clarations contenues dans le pr\u00e9sent document d'information constituent des \"d\u00e9clarations prospectives\". Ces d\u00e9clarations sont bas\u00e9es sur les opinions, attentes, croyances, plans, objectifs, hypoth\u00e8ses ou projections actuels de la direction concernant des \u00e9v\u00e9nements ou r\u00e9sultats futurs, y compris, mais sans s'y limiter, nos objectifs, strat\u00e9gies et initiatives, nos plans et strat\u00e9gies d'entreprise, notre technologie et nos services, ainsi que la croissance de notre entreprise. Ces d\u00e9clarations prospectives ne sont que des pr\u00e9dictions, pas des faits historiques, et impliquent certains risques et incertitudes, ainsi que des hypoth\u00e8ses. Les r\u00e9sultats r\u00e9els, les niveaux d'activit\u00e9, les performances, les r\u00e9alisations et les \u00e9v\u00e9nements pourraient diff\u00e9rer mat\u00e9riellement de ceux qui sont \u00e9nonc\u00e9s, anticip\u00e9s ou sous-entendus dans ces d\u00e9clarations prospectives. Bien que nous estimions que nos hypoth\u00e8ses sont raisonnables, il existe de nombreux risques et incertitudes qui pourraient faire en sorte que les r\u00e9sultats r\u00e9els diff\u00e8rent sensiblement des d\u00e9clarations prospectives, y compris, entre autres, une augmentation impr\u00e9vue des co\u00fbts ou d'autres ressources n\u00e9cessaires pour atteindre nos objectifs ; l'incapacit\u00e9 de retenir ou d'embaucher du personnel poss\u00e9dant les comp\u00e9tences n\u00e9cessaires pour progresser dans la r\u00e9alisation de nos objectifs ; le risque que les technologies n\u00e9cessaires \u00e0 la mise en \u0153uvre de nos objectifs ne progressent pas \u00e0 un rythme suffisant ou ne soient pas rentables ; des donn\u00e9es incompl\u00e8tes ou inexactes ; des changements dans les normes utilis\u00e9es pour mesurer les progr\u00e8s r\u00e9alis\u00e9s par rapport \u00e0 nos objectifs ; l'\u00e9volution des contr\u00f4les internes et d'autres processus utilis\u00e9s pour superviser et g\u00e9rer nos objectifs ; et des changements dans les hypoth\u00e8ses que nous avons utilis\u00e9es pour fixer nos objectifs. Nous ne nous engageons pas \u00e0 mettre \u00e0 jour ou \u00e0 r\u00e9viser les d\u00e9clarations prospectives contenues dans le pr\u00e9sent document d'information, sauf si la loi l'exige.<\/p>","protected":false},"excerpt":{"rendered":"<p>Les informations suivantes sont fournies conform\u00e9ment \u00e0 la loi californienne AB 1305. Les r\u00e9f\u00e9rences \u00e0 \"nous\" ou \"notre\" d\u00e9signent \u00c9lectricit\u00e9 de France S.A. (\"Groupe EDF\") et ses filiales. D\u00e9clarations de r\u00e9duction des \u00e9missions de GES li\u00e9es \u00e0 un projet ou \u00e0 un syst\u00e8me Les d\u00e9clarations de r\u00e9duction des \u00e9missions de GES li\u00e9es \u00e0 un projet ou \u00e0 un syst\u00e8me sont bas\u00e9es sur la production d'\u00e9lectricit\u00e9 annuelle projet\u00e9e ou r\u00e9elle des actifs et sur les facteurs d'\u00e9mission de [...]<\/p>","protected":false},"author":1,"featured_media":0,"parent":0,"menu_order":11,"comment_status":"closed","ping_status":"closed","template":"boxed.php","meta":{"_acf_changed":false,"footnotes":""},"class_list":["post-9759","page","type-page","status-publish","hentry"],"acf":[],"yoast_head":"<!-- This site is optimized with the Yoast SEO plugin v26.8 - https:\/\/yoast.com\/product\/yoast-seo-wordpress\/ -->\n<title>California AB 1305 Disclosure Statement - EDF power solutions North America<\/title>\n<meta name=\"robots\" content=\"index, follow, max-snippet:-1, max-image-preview:large, max-video-preview:-1\" \/>\n<link rel=\"canonical\" href=\"https:\/\/www.edf-re.com\/fr\/california-ab-1305-disclosure-statement\/\" \/>\n<meta property=\"og:locale\" content=\"fr_CA\" \/>\n<meta property=\"og:type\" content=\"article\" \/>\n<meta property=\"og:title\" content=\"California AB 1305 Disclosure Statement - EDF power solutions North America\" \/>\n<meta property=\"og:description\" content=\"The following disclosures are made in compliance with California AB 1305. References to \u201cwe\u201d or \u201cour\u201d refer to \u00c9lectricit\u00e9 de France S.A. (\u201cEDF Group\u201d) and its subsidiaries. Project- or System-Related GHG Emission Reduction Claims Project- or system-related GHG emission reduction claims are based on projected or actual annual asset electricity generation and emission factors from [&hellip;]\" \/>\n<meta property=\"og:url\" content=\"https:\/\/www.edf-re.com\/fr\/california-ab-1305-disclosure-statement\/\" \/>\n<meta property=\"og:site_name\" content=\"EDF power solutions North America\" \/>\n<meta property=\"article:modified_time\" content=\"2025-05-08T14:34:59+00:00\" \/>\n<meta property=\"og:image\" content=\"https:\/\/www.edf-re.com\/wp-content\/uploads\/logo_edf_power_solutions_RGB-no-buffer-zone.png\" \/>\n\t<meta property=\"og:image:width\" content=\"2000\" \/>\n\t<meta property=\"og:image:height\" content=\"702\" \/>\n\t<meta property=\"og:image:type\" content=\"image\/png\" \/>\n<meta name=\"twitter:card\" content=\"summary_large_image\" \/>\n<meta name=\"twitter:label1\" content=\"Estimation du temps de lecture\" \/>\n\t<meta name=\"twitter:data1\" content=\"4 minutes\" \/>\n<script type=\"application\/ld+json\" class=\"yoast-schema-graph\">{\"@context\":\"https:\/\/schema.org\",\"@graph\":[{\"@type\":\"WebPage\",\"@id\":\"https:\/\/www.edf-re.com\/california-ab-1305-disclosure-statement\/\",\"url\":\"https:\/\/www.edf-re.com\/california-ab-1305-disclosure-statement\/\",\"name\":\"California AB 1305 Disclosure Statement - EDF power solutions North America\",\"isPartOf\":{\"@id\":\"https:\/\/www.edf-re.com\/#website\"},\"datePublished\":\"2024-04-16T21:11:10+00:00\",\"dateModified\":\"2025-05-08T14:34:59+00:00\",\"breadcrumb\":{\"@id\":\"https:\/\/www.edf-re.com\/california-ab-1305-disclosure-statement\/#breadcrumb\"},\"inLanguage\":\"fr-CA\",\"potentialAction\":[{\"@type\":\"ReadAction\",\"target\":[\"https:\/\/www.edf-re.com\/california-ab-1305-disclosure-statement\/\"]}]},{\"@type\":\"BreadcrumbList\",\"@id\":\"https:\/\/www.edf-re.com\/california-ab-1305-disclosure-statement\/#breadcrumb\",\"itemListElement\":[{\"@type\":\"ListItem\",\"position\":1,\"name\":\"Home\",\"item\":\"https:\/\/www.edf-re.com\/\"},{\"@type\":\"ListItem\",\"position\":2,\"name\":\"California AB 1305 Disclosure Statement\"}]},{\"@type\":\"WebSite\",\"@id\":\"https:\/\/www.edf-re.com\/#website\",\"url\":\"https:\/\/www.edf-re.com\/\",\"name\":\"EDF power solutions North America\",\"description\":\"\",\"publisher\":{\"@id\":\"https:\/\/www.edf-re.com\/#organization\"},\"potentialAction\":[{\"@type\":\"SearchAction\",\"target\":{\"@type\":\"EntryPoint\",\"urlTemplate\":\"https:\/\/www.edf-re.com\/?s={search_term_string}\"},\"query-input\":{\"@type\":\"PropertyValueSpecification\",\"valueRequired\":true,\"valueName\":\"search_term_string\"}}],\"inLanguage\":\"fr-CA\"},{\"@type\":\"Organization\",\"@id\":\"https:\/\/www.edf-re.com\/#organization\",\"name\":\"EDF Renewables North America\",\"url\":\"https:\/\/www.edf-re.com\/\",\"logo\":{\"@type\":\"ImageObject\",\"inLanguage\":\"fr-CA\",\"@id\":\"https:\/\/www.edf-re.com\/#\/schema\/logo\/image\/\",\"url\":\"https:\/\/www.edf-re.com\/wp-content\/uploads\/edfr-logo-1.png\",\"contentUrl\":\"https:\/\/www.edf-re.com\/wp-content\/uploads\/edfr-logo-1.png\",\"width\":600,\"height\":291,\"caption\":\"EDF Renewables North America\"},\"image\":{\"@id\":\"https:\/\/www.edf-re.com\/#\/schema\/logo\/image\/\"}}]}<\/script>\n<!-- \/ Yoast SEO plugin. -->","yoast_head_json":{"title":"California AB 1305 Disclosure Statement - EDF power solutions North America","robots":{"index":"index","follow":"follow","max-snippet":"max-snippet:-1","max-image-preview":"max-image-preview:large","max-video-preview":"max-video-preview:-1"},"canonical":"https:\/\/www.edf-re.com\/fr\/california-ab-1305-disclosure-statement\/","og_locale":"fr_CA","og_type":"article","og_title":"California AB 1305 Disclosure Statement - EDF power solutions North America","og_description":"The following disclosures are made in compliance with California AB 1305. References to \u201cwe\u201d or \u201cour\u201d refer to \u00c9lectricit\u00e9 de France S.A. (\u201cEDF Group\u201d) and its subsidiaries. Project- or System-Related GHG Emission Reduction Claims Project- or system-related GHG emission reduction claims are based on projected or actual annual asset electricity generation and emission factors from [&hellip;]","og_url":"https:\/\/www.edf-re.com\/fr\/california-ab-1305-disclosure-statement\/","og_site_name":"EDF power solutions North America","article_modified_time":"2025-05-08T14:34:59+00:00","og_image":[{"width":2000,"height":702,"url":"https:\/\/www.edf-re.com\/wp-content\/uploads\/logo_edf_power_solutions_RGB-no-buffer-zone.png","type":"image\/png"}],"twitter_card":"summary_large_image","twitter_misc":{"Estimation du temps de lecture":"4 minutes"},"schema":{"@context":"https:\/\/schema.org","@graph":[{"@type":"WebPage","@id":"https:\/\/www.edf-re.com\/california-ab-1305-disclosure-statement\/","url":"https:\/\/www.edf-re.com\/california-ab-1305-disclosure-statement\/","name":"California AB 1305 Disclosure Statement - EDF power solutions North America","isPartOf":{"@id":"https:\/\/www.edf-re.com\/#website"},"datePublished":"2024-04-16T21:11:10+00:00","dateModified":"2025-05-08T14:34:59+00:00","breadcrumb":{"@id":"https:\/\/www.edf-re.com\/california-ab-1305-disclosure-statement\/#breadcrumb"},"inLanguage":"fr-CA","potentialAction":[{"@type":"ReadAction","target":["https:\/\/www.edf-re.com\/california-ab-1305-disclosure-statement\/"]}]},{"@type":"BreadcrumbList","@id":"https:\/\/www.edf-re.com\/california-ab-1305-disclosure-statement\/#breadcrumb","itemListElement":[{"@type":"ListItem","position":1,"name":"Home","item":"https:\/\/www.edf-re.com\/"},{"@type":"ListItem","position":2,"name":"California AB 1305 Disclosure Statement"}]},{"@type":"WebSite","@id":"https:\/\/www.edf-re.com\/#website","url":"https:\/\/www.edf-re.com\/","name":"EDF power solutions Am\u00e9rique du Nord","description":"","publisher":{"@id":"https:\/\/www.edf-re.com\/#organization"},"potentialAction":[{"@type":"SearchAction","target":{"@type":"EntryPoint","urlTemplate":"https:\/\/www.edf-re.com\/?s={search_term_string}"},"query-input":{"@type":"PropertyValueSpecification","valueRequired":true,"valueName":"search_term_string"}}],"inLanguage":"fr-CA"},{"@type":"Organization","@id":"https:\/\/www.edf-re.com\/#organization","name":"EDF Renewables Am\u00e9rique du Nord","url":"https:\/\/www.edf-re.com\/","logo":{"@type":"ImageObject","inLanguage":"fr-CA","@id":"https:\/\/www.edf-re.com\/#\/schema\/logo\/image\/","url":"https:\/\/www.edf-re.com\/wp-content\/uploads\/edfr-logo-1.png","contentUrl":"https:\/\/www.edf-re.com\/wp-content\/uploads\/edfr-logo-1.png","width":600,"height":291,"caption":"EDF Renewables North America"},"image":{"@id":"https:\/\/www.edf-re.com\/#\/schema\/logo\/image\/"}}]}},"_links":{"self":[{"href":"https:\/\/www.edf-re.com\/fr\/wp-json\/wp\/v2\/pages\/9759","targetHints":{"allow":["GET"]}}],"collection":[{"href":"https:\/\/www.edf-re.com\/fr\/wp-json\/wp\/v2\/pages"}],"about":[{"href":"https:\/\/www.edf-re.com\/fr\/wp-json\/wp\/v2\/types\/page"}],"author":[{"embeddable":true,"href":"https:\/\/www.edf-re.com\/fr\/wp-json\/wp\/v2\/users\/1"}],"replies":[{"embeddable":true,"href":"https:\/\/www.edf-re.com\/fr\/wp-json\/wp\/v2\/comments?post=9759"}],"version-history":[{"count":2,"href":"https:\/\/www.edf-re.com\/fr\/wp-json\/wp\/v2\/pages\/9759\/revisions"}],"predecessor-version":[{"id":10643,"href":"https:\/\/www.edf-re.com\/fr\/wp-json\/wp\/v2\/pages\/9759\/revisions\/10643"}],"wp:attachment":[{"href":"https:\/\/www.edf-re.com\/fr\/wp-json\/wp\/v2\/media?parent=9759"}],"curies":[{"name":"wp","href":"https:\/\/api.w.org\/{rel}","templated":true}]}}